{"id":467,"date":"2025-05-07T22:17:39","date_gmt":"2025-05-07T20:17:39","guid":{"rendered":"https:\/\/www.paul-buecher.com\/boutique\/?post_type=product&#038;p=467"},"modified":"2026-02-04T22:21:45","modified_gmt":"2026-02-04T21:21:45","slug":"le-talus-2024","status":"publish","type":"product","link":"https:\/\/www.paul-buecher.com\/boutique\/produit\/le-talus-2024\/","title":{"rendered":"LE TALUS 2024"},"content":{"rendered":"<p><strong>Vin sec<\/strong><\/p>\n<p><strong>Suggestions d&rsquo;association<br \/>\n<\/strong>Entr\u00e9es froides : salade de crevettes aux agrumes, poissons fum\u00e9s, tarte aux l\u00e9gumes.<br \/>\nViandes blanches, quasi de veau, poisson grill\u00e9, curry au lait\u00a0 de coco.<br \/>\nPlateau de fromages.<\/p>\n<p><strong>Contenance : 75cl<\/strong><\/p>\n","protected":false},"excerpt":{"rendered":"<p>Le Talus est un gewurztraminer sec et original : fruit\u00e9 discret, aromatique \u00e9pic\u00e9e (r\u00e9glisse, cannelle, notes torr\u00e9fi\u00e9es et poivr\u00e9es). Etonnamment tonique \u00e0 l\u2019attaque, le palais pr\u00e9sente de l&rsquo;ampleur, une consistance presque tannique, avec une pointe de chaleur en finale. Un vin tr\u00e8s diff\u00e9rent des gewurztraminer \u00ab\u00a0classiques\u00a0\u00bb.<\/p>\n<p>Le nom Talus s&rsquo;inspire du lieu-dit Horain (haut-talus), un promontoire sur les hauteurs de Husseren-les-chateaux. Terroir de colluvions constitu\u00e9s de marnes calcaires, d\u2019\u00e9boulis siliceux et de galets de gr\u00e8s. Le climat du lieu, plut\u00f4t tardif et ensoleill\u00e9, garantit une maturation lente et r\u00e9guli\u00e8re de la vendange. Les vins y sont expressifs, fins et \u00e9quilibr\u00e9s par une belle fraicheur.<\/p>\n","protected":false},"featured_media":468,"template":"","meta":[],"product_brand":[],"product_cat":[17],"product_tag":[],"class_list":{"0":"post-467","1":"product","2":"type-product","3":"status-publish","4":"has-post-thumbnail","6":"product_cat-terroir-lieux-dits-et-grands-crus","8":"first","9":"instock","10":"shipping-taxable","11":"purchasable","12":"product-type-simple"},"_links":{"self":[{"href":"https:\/\/www.paul-buecher.com\/boutique\/wp-json\/wp\/v2\/product\/467","targetHints":{"allow":["GET"]}}],"collection":[{"href":"https:\/\/www.paul-buecher.com\/boutique\/wp-json\/wp\/v2\/product"}],"about":[{"href":"https:\/\/www.paul-buecher.com\/boutique\/wp-json\/wp\/v2\/types\/product"}],"wp:featuredmedia":[{"embeddable":true,"href":"https:\/\/www.paul-buecher.com\/boutique\/wp-json\/wp\/v2\/media\/468"}],"wp:attachment":[{"href":"https:\/\/www.paul-buecher.com\/boutique\/wp-json\/wp\/v2\/media?parent=467"}],"wp:term":[{"taxonomy":"product_brand","embeddable":true,"href":"https:\/\/www.paul-buecher.com\/boutique\/wp-json\/wp\/v2\/product_brand?post=467"},{"taxonomy":"product_cat","embeddable":true,"href":"https:\/\/www.paul-buecher.com\/boutique\/wp-json\/wp\/v2\/product_cat?post=467"},{"taxonomy":"product_tag","embeddable":true,"href":"https:\/\/www.paul-buecher.com\/boutique\/wp-json\/wp\/v2\/product_tag?post=467"}],"curies":[{"name":"wp","href":"https:\/\/api.w.org\/{rel}","templated":true}]}}